{"id":3255,"date":"2020-03-11T00:31:43","date_gmt":"2020-03-11T00:31:43","guid":{"rendered":"http:\/\/cope.ubiobio.cl\/?page_id=3255"},"modified":"2020-03-11T00:40:00","modified_gmt":"2020-03-11T00:40:00","slug":"libros-y-guias","status":"publish","type":"page","link":"http:\/\/cope.ubiobio.cl\/?page_id=3255","title":{"rendered":"Libros y gu\u00edas"},"content":{"rendered":"\t\t<div data-elementor-type=\"wp-post\" data-elementor-id=\"3255\" class=\"elementor elementor-3255\" data-elementor-settings=\"[]\">\n\t\t\t<div class=\"elementor-inner\">\n\t\t\t\t<div class=\"elementor-section-wrap\">\n\t\t\t\t\t\t\t<section class=\"elementor-element elementor-element-91099c6 elementor-section-boxed elementor-section-height-default elementor-section-height-default elementor-section elementor-top-section\" data-id=\"91099c6\" data-element_type=\"section\">\n\t\t\t\t\t\t<div class=\"elementor-container elementor-column-gap-default\">\n\t\t\t\t<div class=\"elementor-row\">\n\t\t\t\t<div class=\"elementor-element elementor-element-551580d9 elementor-column elementor-col-100 elementor-top-column\" data-id=\"551580d9\" data-element_type=\"column\">\n\t\t\t<div class=\"elementor-column-wrap  elementor-element-populated\">\n\t\t\t\t\t<div class=\"elementor-widget-wrap\">\n\t\t\t\t<div class=\"elementor-element elementor-element-368859fc elementor-widget elementor-widget-text-editor\" data-id=\"368859fc\" data-element_type=\"widget\" data-widget_type=\"text-editor.default\">\n\t\t\t\t<div class=\"elementor-widget-container\">\n\t\t\t\t\t<div class=\"elementor-text-editor elementor-clearfix\"><p style=\"padding-left: 80px;\">&#8220;De los diversos instrumentos inventados por el hombre, el m\u00e1s asombroso es el libro; todos los dem\u00e1s son extensiones de su cuerpo&#8230;S\u00f3lo el libro es una extensi\u00f3n de la imaginaci\u00f3n y la memoria.&#8221;\u00a0<\/p><p style=\"text-align: right;\"><strong><i>Jorge Luis Borges.<\/i><\/strong><\/p><\/div>\n\t\t\t\t<\/div>\n\t\t\t\t<\/div>\n\t\t\t\t\t\t<\/div>\n\t\t\t<\/div>\n\t\t<\/div>\n\t\t\t\t\t\t<\/div>\n\t\t\t<\/div>\n\t\t<\/section>\n\t\t\t\t<section class=\"elementor-element elementor-element-27789ae elementor-section-boxed elementor-section-height-default elementor-section-height-default elementor-section elementor-top-section\" data-id=\"27789ae\" data-element_type=\"section\">\n\t\t\t\t\t\t<div class=\"elementor-container elementor-column-gap-default\">\n\t\t\t\t<div class=\"elementor-row\">\n\t\t\t\t<div class=\"elementor-element elementor-element-dcc26e2 elementor-column elementor-col-100 elementor-top-column\" data-id=\"dcc26e2\" data-element_type=\"column\">\n\t\t\t<div class=\"elementor-column-wrap  elementor-element-populated\">\n\t\t\t\t\t<div class=\"elementor-widget-wrap\">\n\t\t\t\t<div class=\"elementor-element elementor-element-fe792c8 elementor-widget elementor-widget-sciencex-bookss\" data-id=\"fe792c8\" data-element_type=\"widget\" data-widget_type=\"sciencex-bookss.default\">\n\t\t\t\t<div class=\"elementor-widget-container\">\n\t\t\t\n\t\t<section class=\"book-timeline-section\">\n            <div class=\"sabbi-book_timeline-segment\">\n                <ul class=\"sabbi-book_timeline list-unstyled\">\n\t                                            <li><span class=\"year\">2023<\/span>\n\n                                                                    \n                                    <ul class=\"book-list list-unstyled\">\n                                                                                <li >\n                                            <figure>\n                                                <img loading=\"lazy\" decoding=\"async\" width=\"263\" height=\"216\" src=\"http:\/\/cope.ubiobio.cl\/wp-content\/uploads\/2025\/11\/978-3-031-24208-3-1-263x216.webp\" class=\"img-responsive\" alt=\"\" \/>                                            <\/figure>\n                                            <div class=\"book-list-meta\">\n                                                <h3 class=\"book-list-title\"><a href=\"https:\/\/link.springer.com\/book\/10.1007\/978-3-031-24208-3\" _self>Removing Barriers to Environmental Comfort in the Global South<\/a> <\/h3>\n                                                <div class=\"book-list-brand\"><em>Aborda la energ\u00eda y el cambio clim\u00e1tico en los pa\u00edses en desarrollo y los sectores vulnerables de la poblaci\u00f3n.<\/em><\/div>\n                                                <p class=\"book-author\">Laura Mar\u00edn-Restrepo, Alexis P\u00e9rez-Fargallo, Mar\u00eda Beatriz Piderit-Moreno, Maureen Trebilcock-Kelly, Paulina Wegertseder-Mart\u00ednez<\/p>\n                                            <\/div>\n                                        <\/li>\n                                    <\/ul>\n                                \n\t                                                        <\/li>\n                                                    <li><span class=\"year\">2019<\/span>\n\n                                                                    \n                                    <ul class=\"book-list list-unstyled\">\n                                                                                <li >\n                                            <figure>\n                                                <img loading=\"lazy\" decoding=\"async\" width=\"263\" height=\"216\" src=\"http:\/\/cope.ubiobio.cl\/wp-content\/uploads\/2020\/01\/POLICY-PAPER-POBREZA-263x216.jpg\" class=\"img-responsive\" alt=\"\" srcset=\"http:\/\/cope.ubiobio.cl\/wp-content\/uploads\/2020\/01\/POLICY-PAPER-POBREZA-263x216.jpg 263w, http:\/\/cope.ubiobio.cl\/wp-content\/uploads\/2020\/01\/POLICY-PAPER-POBREZA-448x370.jpg 448w\" sizes=\"auto, (max-width: 263px) 100vw, 263px\" \/>                                            <\/figure>\n                                            <div class=\"book-list-meta\">\n                                                <h3 class=\"book-list-title\"><a href=\"#\" _self>Policy paper pobreza energ\u00e9tica: el acceso desigual a energ\u00eda de calidad como barrera para el desarrollo en Chile<\/a> <\/h3>\n                                                <div class=\"book-list-brand\"><em>Red de Pobreza Energ\u00e9tica.\r\nVicerrector\u00eda de Investigaci\u00f3n y Desarrollo - Universidad de Chile<\/em><\/div>\n                                                <p class=\"book-author\">RESPONSABLES DE CONTENIDO: Catalina Amigo Jorquera,Rub\u00e9n Calvo Gallardo, Alejandra Cort\u00e9s Fuentes, Anah\u00ed Urquiza G\u00f3mez. Colaboradores del Grupo: Maureen Trebilcock y Alexis P\u00e9rez Fargallo<\/p>\n                                            <\/div>\n                                        <\/li>\n                                    <\/ul>\n                                \n\t                                                        <\/li>\n                                                    <li><span class=\"year\">2018<\/span>\n\n                                                                    \n                                    <ul class=\"book-list list-unstyled\">\n                                                                                <li >\n                                            <figure>\n                                                <img loading=\"lazy\" decoding=\"async\" width=\"112\" height=\"170\" src=\"http:\/\/cope.ubiobio.cl\/wp-content\/uploads\/2017\/08\/9783319901459-1.jpg\" class=\"img-responsive\" alt=\"\" \/>                                            <\/figure>\n                                            <div class=\"book-list-meta\">\n                                                <h3 class=\"book-list-title\"><a href=\"https:\/\/www.springer.com\/gp\/book\/9783319901459\" _blank>Energy Optimization and Prediction in Office Buildings. A Case Study of Office Building Design in Chile<\/a> <\/h3>\n                                                <div class=\"book-list-brand\"><em>SpringerBriefs in Energy 2018<\/em><\/div>\n                                                <p class=\"book-author\">Rubio-Bellido, C., P\u00e9rez-Fargallo, A., Pulido-Arcas, J.<\/p>\n                                            <\/div>\n                                        <\/li>\n                                    <\/ul>\n                                \n\t                                                        <\/li>\n                                                    <li><span class=\"year\">2016<\/span>\n\n                                                                    \n                                    <ul class=\"book-list list-unstyled\">\n                                                                                <li >\n                                            <figure>\n                                                <img loading=\"lazy\" decoding=\"async\" width=\"263\" height=\"216\" src=\"http:\/\/cope.ubiobio.cl\/wp-content\/uploads\/2020\/01\/Passivhaus-en-Chile-263x216.png\" class=\"img-responsive\" alt=\"\" \/>                                            <\/figure>\n                                            <div class=\"book-list-meta\">\n                                                <h3 class=\"book-list-title\"><a href=\"#\" _self>El Est\u00e1ndar Passivhaus en Chile<\/a> <\/h3>\n                                                <div class=\"book-list-brand\"><em>Universidad del B\u00edo-B\u00edo, 2016<\/em><\/div>\n                                                <p class=\"book-author\">Hempel, R., Hatt, T., Saelzer, G., Schmidt, D., Wegertseder, P.<\/p>\n                                            <\/div>\n                                        <\/li>\n                                    <\/ul>\n                                \n\t                                                        <\/li>\n                                                    <li><span class=\"year\">2014<\/span>\n\n                                                                    \n                                    <ul class=\"book-list list-unstyled\">\n                                                                                <li >\n                                            <figure>\n                                                <img loading=\"lazy\" decoding=\"async\" width=\"263\" height=\"216\" src=\"http:\/\/cope.ubiobio.cl\/wp-content\/uploads\/2020\/01\/Manual-de-hermeticidad-263x216.jpg\" class=\"img-responsive\" alt=\"\" srcset=\"http:\/\/cope.ubiobio.cl\/wp-content\/uploads\/2020\/01\/Manual-de-hermeticidad-263x216.jpg 263w, http:\/\/cope.ubiobio.cl\/wp-content\/uploads\/2020\/01\/Manual-de-hermeticidad-448x370.jpg 448w\" sizes=\"auto, (max-width: 263px) 100vw, 263px\" \/>                                            <\/figure>\n                                            <div class=\"book-list-meta\">\n                                                <h3 class=\"book-list-title\"><a href=\"https:\/\/www.researchgate.net\/publication\/270591621_Manual_de_Hermeticidad_al_Aire_de_las_Edificaciones\" _blank>Manual de Hermeticidad al Aire de las Edificaciones<\/a> <\/h3>\n                                                <div class=\"book-list-brand\"><em>Universidad del B\u00edo-B\u00edo (Fondef)<\/em><\/div>\n                                                <p class=\"book-author\">Trebilcock M. (editora)<\/p>\n                                            <\/div>\n                                        <\/li>\n                                    <\/ul>\n                                \n\t                                                        <\/li>\n                                        <\/ul>\n            <\/div>\n        <\/section><!-- \/.book-timeline -->\n\t\t\t\t<\/div>\n\t\t\t\t<\/div>\n\t\t\t\t\t\t<\/div>\n\t\t\t<\/div>\n\t\t<\/div>\n\t\t\t\t\t\t<\/div>\n\t\t\t<\/div>\n\t\t<\/section>\n\t\t\t\t\t\t<\/div>\n\t\t\t<\/div>\n\t\t<\/div>\n\t\t","protected":false},"excerpt":{"rendered":"<p>&#8220;De los diversos instrumentos inventados por el hombre, el m\u00e1s asombroso es el libro; todos los dem\u00e1s son extensiones de su cuerpo&#8230;S\u00f3lo el libro es una extensi\u00f3n de la imaginaci\u00f3n y la memoria.&#8221;\u00a0 Jorge Luis Borges. 2019 Policy paper pobreza energ\u00e9tica: el acceso desigual a energ\u00eda de calidad como barrera para el desarrollo en Chile [&hellip;]<\/p>\n","protected":false},"author":1,"featured_media":2660,"parent":0,"menu_order":0,"comment_status":"closed","ping_status":"closed","template":"","meta":{"footnotes":""},"class_list":["post-3255","page","type-page","status-publish","has-post-thumbnail","hentry"],"jetpack_sharing_enabled":true,"_links":{"self":[{"href":"http:\/\/cope.ubiobio.cl\/index.php?rest_route=\/wp\/v2\/pages\/3255","targetHints":{"allow":["GET"]}}],"collection":[{"href":"http:\/\/cope.ubiobio.cl\/index.php?rest_route=\/wp\/v2\/pages"}],"about":[{"href":"http:\/\/cope.ubiobio.cl\/index.php?rest_route=\/wp\/v2\/types\/page"}],"author":[{"embeddable":true,"href":"http:\/\/cope.ubiobio.cl\/index.php?rest_route=\/wp\/v2\/users\/1"}],"replies":[{"embeddable":true,"href":"http:\/\/cope.ubiobio.cl\/index.php?rest_route=%2Fwp%2Fv2%2Fcomments&post=3255"}],"version-history":[{"count":6,"href":"http:\/\/cope.ubiobio.cl\/index.php?rest_route=\/wp\/v2\/pages\/3255\/revisions"}],"predecessor-version":[{"id":3864,"href":"http:\/\/cope.ubiobio.cl\/index.php?rest_route=\/wp\/v2\/pages\/3255\/revisions\/3864"}],"wp:featuredmedia":[{"embeddable":true,"href":"http:\/\/cope.ubiobio.cl\/index.php?rest_route=\/wp\/v2\/media\/2660"}],"wp:attachment":[{"href":"http:\/\/cope.ubiobio.cl\/index.php?rest_route=%2Fwp%2Fv2%2Fmedia&parent=3255"}],"curies":[{"name":"wp","href":"https:\/\/api.w.org\/{rel}","templated":true}]}}