{"id":3583,"date":"2020-07-20T12:37:14","date_gmt":"2020-07-20T16:37:14","guid":{"rendered":"http:\/\/cope.ubiobio.cl\/?page_id=3583"},"modified":"2020-07-23T17:36:59","modified_gmt":"2020-07-23T21:36:59","slug":"futureeduspace-generacion-de-capacidades-tecnologicas-para-la-construccion-de-espacios-educativos-escolares-vanguardista-y-sustentables-desde-la-region-del-biobio","status":"publish","type":"page","link":"http:\/\/cope.ubiobio.cl\/?page_id=3583","title":{"rendered":"FUTUREEDUSPACE: Generaci\u00f3n de capacidades tecnol\u00f3gicas para la construcci\u00f3n de espacios educativos escolares vanguardista y sustentables desde la Regi\u00f3n del Biob\u00edo"},"content":{"rendered":"\t\t<div data-elementor-type=\"wp-page\" data-elementor-id=\"3583\" class=\"elementor elementor-3583\" data-elementor-settings=\"[]\">\n\t\t\t<div class=\"elementor-inner\">\n\t\t\t\t<div class=\"elementor-section-wrap\">\n\t\t\t\t\t\t\t<section class=\"elementor-element elementor-element-941ff7e elementor-section-boxed elementor-section-height-default elementor-section-height-default elementor-section elementor-top-section\" data-id=\"941ff7e\" data-element_type=\"section\">\n\t\t\t\t\t\t<div class=\"elementor-container elementor-column-gap-default\">\n\t\t\t\t<div class=\"elementor-row\">\n\t\t\t\t<div class=\"elementor-element elementor-element-6165af4 elementor-column elementor-col-100 elementor-top-column\" data-id=\"6165af4\" data-element_type=\"column\">\n\t\t\t<div class=\"elementor-column-wrap  elementor-element-populated\">\n\t\t\t\t\t<div class=\"elementor-widget-wrap\">\n\t\t\t\t<div class=\"elementor-element elementor-element-417fdb6 elementor-widget elementor-widget-spacer\" data-id=\"417fdb6\" data-element_type=\"widget\" data-widget_type=\"spacer.default\">\n\t\t\t\t<div class=\"elementor-widget-container\">\n\t\t\t\t\t<div class=\"elementor-spacer\">\n\t\t\t<div class=\"elementor-spacer-inner\"><\/div>\n\t\t<\/div>\n\t\t\t\t<\/div>\n\t\t\t\t<\/div>\n\t\t\t\t\t\t<\/div>\n\t\t\t<\/div>\n\t\t<\/div>\n\t\t\t\t\t\t<\/div>\n\t\t\t<\/div>\n\t\t<\/section>\n\t\t\t\t<section class=\"elementor-element elementor-element-8da5c39 elementor-section-boxed elementor-section-height-default elementor-section-height-default elementor-section elementor-top-section\" data-id=\"8da5c39\" data-element_type=\"section\">\n\t\t\t\t\t\t<div class=\"elementor-container elementor-column-gap-default\">\n\t\t\t\t<div class=\"elementor-row\">\n\t\t\t\t<div class=\"elementor-element elementor-element-3b28515 elementor-column elementor-col-25 elementor-top-column\" data-id=\"3b28515\" data-element_type=\"column\">\n\t\t\t<div class=\"elementor-column-wrap  elementor-element-populated\">\n\t\t\t\t\t<div class=\"elementor-widget-wrap\">\n\t\t\t\t<div class=\"elementor-element elementor-element-b966268 elementor-widget elementor-widget-heading\" data-id=\"b966268\" data-element_type=\"widget\" data-widget_type=\"heading.default\">\n\t\t\t\t<div class=\"elementor-widget-container\">\n\t\t\t<h2 class=\"elementor-heading-title elementor-size-default\">T\u00ed<b>tul<\/b>o<\/h2>\t\t<\/div>\n\t\t\t\t<\/div>\n\t\t\t\t<div class=\"elementor-element elementor-element-10206b7 elementor-widget elementor-widget-text-editor\" data-id=\"10206b7\" data-element_type=\"widget\" data-widget_type=\"text-editor.default\">\n\t\t\t\t<div class=\"elementor-widget-container\">\n\t\t\t\t\t<div class=\"elementor-text-editor elementor-clearfix\"><p><strong>FutureEduSpace:<\/strong> Generaci\u00f3n de Capacidades Tecnol\u00f3gicas para la Construcci\u00f3n de Espacios Educativos Escolares Vanguardista y Sustentables desde la Regi\u00f3n del Biob\u00edo.<\/p><\/div>\n\t\t\t\t<\/div>\n\t\t\t\t<\/div>\n\t\t\t\t\t\t<\/div>\n\t\t\t<\/div>\n\t\t<\/div>\n\t\t\t\t<div class=\"elementor-element elementor-element-9c896c5 elementor-column elementor-col-25 elementor-top-column\" data-id=\"9c896c5\" data-element_type=\"column\">\n\t\t\t<div class=\"elementor-column-wrap  elementor-element-populated\">\n\t\t\t\t\t<div class=\"elementor-widget-wrap\">\n\t\t\t\t<div class=\"elementor-element elementor-element-5ad2bc7 elementor-widget elementor-widget-heading\" data-id=\"5ad2bc7\" data-element_type=\"widget\" data-widget_type=\"heading.default\">\n\t\t\t\t<div class=\"elementor-widget-container\">\n\t\t\t<h2 class=\"elementor-heading-title elementor-size-default\">Investigadores\/as<\/h2>\t\t<\/div>\n\t\t\t\t<\/div>\n\t\t\t\t<div class=\"elementor-element elementor-element-f21e317 elementor-icon-list--layout-traditional elementor-widget elementor-widget-icon-list\" data-id=\"f21e317\" data-element_type=\"widget\" data-widget_type=\"icon-list.default\">\n\t\t\t\t<div class=\"elementor-widget-container\">\n\t\t\t\t\t<ul class=\"elementor-icon-list-items\">\n\t\t\t\t\t\t\t<li class=\"elementor-icon-list-item\" >\n\t\t\t\t\t<a href=\"http:\/\/cope.ubiobio.cl\/?team=dra-beatriz-piderit\">\t\t\t\t\t\t<span class=\"elementor-icon-list-icon\">\n\t\t\t\t\t\t\t<i aria-hidden=\"true\" class=\"fas fa-chevron-circle-right\"><\/i>\t\t\t\t\t\t<\/span>\n\t\t\t\t\t\t\t\t\t\t<span class=\"elementor-icon-list-text\">Mar\u00eda Beatriz Piderit (Responsable)<\/span>\n\t\t\t\t\t\t\t\t\t\t\t<\/a>\n\t\t\t\t\t\t\t\t\t<\/li>\n\t\t\t\t\t\t\t\t<li class=\"elementor-icon-list-item\" >\n\t\t\t\t\t<a href=\"http:\/\/cope.ubiobio.cl\/?team=dra-maureen-trebilcock\">\t\t\t\t\t\t<span class=\"elementor-icon-list-icon\">\n\t\t\t\t\t\t\t<i aria-hidden=\"true\" class=\"fas fa-chevron-circle-right\"><\/i>\t\t\t\t\t\t<\/span>\n\t\t\t\t\t\t\t\t\t\t<span class=\"elementor-icon-list-text\">Maureen Trebilcock (Coordinadora)<\/span>\n\t\t\t\t\t\t\t\t\t\t\t<\/a>\n\t\t\t\t\t\t\t\t\t<\/li>\n\t\t\t\t\t\t\t\t<li class=\"elementor-icon-list-item\" >\n\t\t\t\t\t\t\t\t\t\t\t<span class=\"elementor-icon-list-icon\">\n\t\t\t\t\t\t\t<i aria-hidden=\"true\" class=\"fas fa-chevron-circle-right\"><\/i>\t\t\t\t\t\t<\/span>\n\t\t\t\t\t\t\t\t\t\t<span class=\"elementor-icon-list-text\">Alejandra Bancalari Cornejo<\/span>\n\t\t\t\t\t\t\t\t\t<\/li>\n\t\t\t\t\t\t\t\t<li class=\"elementor-icon-list-item\" >\n\t\t\t\t\t\t\t\t\t\t\t<span class=\"elementor-icon-list-icon\">\n\t\t\t\t\t\t\t<i aria-hidden=\"true\" class=\"fas fa-chevron-circle-right\"><\/i>\t\t\t\t\t\t<\/span>\n\t\t\t\t\t\t\t\t\t\t<span class=\"elementor-icon-list-text\">Mario Ramos Maldonado<\/span>\n\t\t\t\t\t\t\t\t\t<\/li>\n\t\t\t\t\t\t\t\t<li class=\"elementor-icon-list-item\" >\n\t\t\t\t\t\t\t\t\t\t\t<span class=\"elementor-icon-list-icon\">\n\t\t\t\t\t\t\t<i aria-hidden=\"true\" class=\"fas fa-chevron-circle-right\"><\/i>\t\t\t\t\t\t<\/span>\n\t\t\t\t\t\t\t\t\t\t<span class=\"elementor-icon-list-text\">Ariel Bobadilla Moreno<\/span>\n\t\t\t\t\t\t\t\t\t<\/li>\n\t\t\t\t\t\t\t\t<li class=\"elementor-icon-list-item\" >\n\t\t\t\t\t\t\t\t\t\t\t<span class=\"elementor-icon-list-icon\">\n\t\t\t\t\t\t\t<i aria-hidden=\"true\" class=\"fas fa-chevron-circle-right\"><\/i>\t\t\t\t\t\t<\/span>\n\t\t\t\t\t\t\t\t\t\t<span class=\"elementor-icon-list-text\">Magaly Mella Abalos<\/span>\n\t\t\t\t\t\t\t\t\t<\/li>\n\t\t\t\t\t\t\t\t<li class=\"elementor-icon-list-item\" >\n\t\t\t\t\t\t\t\t\t\t\t<span class=\"elementor-icon-list-icon\">\n\t\t\t\t\t\t\t<i aria-hidden=\"true\" class=\"fas fa-chevron-circle-right\"><\/i>\t\t\t\t\t\t<\/span>\n\t\t\t\t\t\t\t\t\t\t<span class=\"elementor-icon-list-text\">Pia Lindeman Varoli<\/span>\n\t\t\t\t\t\t\t\t\t<\/li>\n\t\t\t\t\t\t\t\t<li class=\"elementor-icon-list-item\" >\n\t\t\t\t\t\t\t\t\t\t\t<span class=\"elementor-icon-list-icon\">\n\t\t\t\t\t\t\t<i aria-hidden=\"true\" class=\"fas fa-chevron-circle-right\"><\/i>\t\t\t\t\t\t<\/span>\n\t\t\t\t\t\t\t\t\t\t<span class=\"elementor-icon-list-text\">Alejandra Arratia Martinez<\/span>\n\t\t\t\t\t\t\t\t\t<\/li>\n\t\t\t\t\t\t\t\t<li class=\"elementor-icon-list-item\" >\n\t\t\t\t\t\t\t\t\t\t\t<span class=\"elementor-icon-list-icon\">\n\t\t\t\t\t\t\t<i aria-hidden=\"true\" class=\"fas fa-chevron-circle-right\"><\/i>\t\t\t\t\t\t<\/span>\n\t\t\t\t\t\t\t\t\t\t<span class=\"elementor-icon-list-text\">Esteban Montenegro Iturra<\/span>\n\t\t\t\t\t\t\t\t\t<\/li>\n\t\t\t\t\t\t\t\t<li class=\"elementor-icon-list-item\" >\n\t\t\t\t\t\t\t\t\t\t\t<span class=\"elementor-icon-list-icon\">\n\t\t\t\t\t\t\t<i aria-hidden=\"true\" class=\"fas fa-chevron-circle-right\"><\/i>\t\t\t\t\t\t<\/span>\n\t\t\t\t\t\t\t\t\t\t<span class=\"elementor-icon-list-text\">Carolina Meyer Oppenheim<\/span>\n\t\t\t\t\t\t\t\t\t<\/li>\n\t\t\t\t\t\t<\/ul>\n\t\t\t\t<\/div>\n\t\t\t\t<\/div>\n\t\t\t\t\t\t<\/div>\n\t\t\t<\/div>\n\t\t<\/div>\n\t\t\t\t<div class=\"elementor-element elementor-element-d1d424e elementor-column elementor-col-50 elementor-top-column\" data-id=\"d1d424e\" data-element_type=\"column\">\n\t\t\t<div class=\"elementor-column-wrap  elementor-element-populated\">\n\t\t\t\t\t<div class=\"elementor-widget-wrap\">\n\t\t\t\t<div class=\"elementor-element elementor-element-b2b6266 elementor-widget elementor-widget-heading\" data-id=\"b2b6266\" data-element_type=\"widget\" data-widget_type=\"heading.default\">\n\t\t\t\t<div class=\"elementor-widget-container\">\n\t\t\t<h2 class=\"elementor-heading-title elementor-size-default\">Objetivo<\/h2>\t\t<\/div>\n\t\t\t\t<\/div>\n\t\t\t\t<div class=\"elementor-element elementor-element-4475fa4 elementor-widget elementor-widget-text-editor\" data-id=\"4475fa4\" data-element_type=\"widget\" data-widget_type=\"text-editor.default\">\n\t\t\t\t<div class=\"elementor-widget-container\">\n\t\t\t\t\t<div class=\"elementor-text-editor elementor-clearfix\"><p>Este proyecto busca desarrollar capacidades tecnol\u00f3gicas innovadoras que permitan construir espacios de aprendizaje creativos, confortables y sustentables para propiciar la innovaci\u00f3n pedag\u00f3gica en la regi\u00f3n del Biob\u00edo.<\/p><\/div>\n\t\t\t\t<\/div>\n\t\t\t\t<\/div>\n\t\t\t\t\t\t<\/div>\n\t\t\t<\/div>\n\t\t<\/div>\n\t\t\t\t\t\t<\/div>\n\t\t\t<\/div>\n\t\t<\/section>\n\t\t\t\t<section class=\"elementor-element elementor-element-2be2403 elementor-section-boxed elementor-section-height-default elementor-section-height-default elementor-section elementor-top-section\" data-id=\"2be2403\" data-element_type=\"section\">\n\t\t\t\t\t\t<div class=\"elementor-container elementor-column-gap-default\">\n\t\t\t\t<div class=\"elementor-row\">\n\t\t\t\t<div class=\"elementor-element elementor-element-d49e297 elementor-column elementor-col-100 elementor-top-column\" data-id=\"d49e297\" data-element_type=\"column\">\n\t\t\t<div class=\"elementor-column-wrap  elementor-element-populated\">\n\t\t\t\t\t<div class=\"elementor-widget-wrap\">\n\t\t\t\t<div class=\"elementor-element elementor-element-294f0fa elementor-widget elementor-widget-heading\" data-id=\"294f0fa\" data-element_type=\"widget\" data-widget_type=\"heading.default\">\n\t\t\t\t<div class=\"elementor-widget-container\">\n\t\t\t<h2 class=\"elementor-heading-title elementor-size-default\">Resumen<\/h2>\t\t<\/div>\n\t\t\t\t<\/div>\n\t\t\t\t<div class=\"elementor-element elementor-element-dd9e8a4 elementor-widget elementor-widget-text-editor\" data-id=\"dd9e8a4\" data-element_type=\"widget\" data-widget_type=\"text-editor.default\">\n\t\t\t\t<div class=\"elementor-widget-container\">\n\t\t\t\t\t<div class=\"elementor-text-editor elementor-clearfix\"><h4>Objetivo General<\/h4><p>Desarrollar capacidades tecnol\u00f3gicas innovadoras que permitan construir espacios de aprendizaje creativos, confortables y sustentables para propiciar la innovaci\u00f3n pedag\u00f3gica en la regi\u00f3n del Bio-Bio.<\/p><h4>Objetivos Espec\u00edficos<\/h4><p>1.1.\u00a0 \u00a0 Construir un prototipo de espacio educativo escolar creativo, confortable y sustentable que act\u00fae como espacio demostrativo para propiciar la innovaci\u00f3n pedag\u00f3gica.<\/p><p>1.2.\u00a0 \u00a0 Desarrollar sistemas y elementos constructivos innovadores aplicados a espacios educativos que permitan crear capacidades tecnol\u00f3gicas desde la regi\u00f3n del Biob\u00edo para establecimientos educacionales del sur de Chile.<\/p><p>1.3.\u00a0 \u00a0 Transferir el Know-how en innovaci\u00f3n en espacios educativos a grupos objetivos de la regi\u00f3n a trav\u00e9s de un paquete tecnol\u00f3gico compuesto por especificaciones t\u00e9cnicas, manuales, y cursos.<\/p><p>1.4.\u00a0 \u00a0 Fortalecer el capital humano de sostenedores y directivos de escuelas, arquitectos, dise\u00f1adores, empresas constructoras para que, a trav\u00e9s de una serie de pasos y herramientas elaboradas, puedan avanzar en generar una demanda y una oferta por espacios educativos innovadores.<\/p><p>1.5.\u00a0 \u00a0 \u00a0Generar una Red Regional de Innovaci\u00f3n en Espacios Educativos promueva la asociatividad y cooperaci\u00f3n en torno a objetivos comunes.<\/p><h4>Actividades relevantes.<\/h4><h5>Prototipo espacio educativo demostrativo FutureEduSpace :<\/h5><ul><li>Dise\u00f1ar y construir un prototipo de espacio educativo demostrativo.<\/li><li>Dise\u00f1ar 5 variantes del prototipo a traves de modelos virtuales.<\/li><\/ul><h5>Transferencia de Know-now de Espacios educativos vanguardistas:<\/h5><ul><li>Desarrollar un Manual de dise\u00f1o y construcci\u00f3n de espacios educativos innovadores<\/li><li>Desarrollar una Gu\u00eda de pr\u00e1cticas pedag\u00f3gicas innovadoras para uso de infraestructura<\/li><li>Transferir un paquete tecnol\u00f3gico (dossier t\u00e9cnico, manuales, cursos) a establecimiento educacional de la regi\u00f3n<\/li><\/ul><h5>Formaci\u00f3n de capital humano de la region del Bio-Bio:<\/h5><ul><li>Curso de capacitaci\u00f3n en innovaci\u00f3n en dise\u00f1o de espacios educativos e implementar para 10% de dise\u00f1adores y arquitectos de la regi\u00f3n.<\/li><li>Curso de capacitaci\u00f3n en construcci\u00f3n de espacios educativos en madera e implementar para 10% de PYMES construcci\u00f3n de la regi\u00f3n.<\/li><li>Curso de capacitaci\u00f3n en liderazgo y habilidades pedag\u00f3gicas innovadoras en espacios educativos e implementar para 10% de sostenedores y directivos de la regi\u00f3n.<\/li><\/ul><h5>Actividades de Asociatividad:<\/h5><ul><li>Conformar un Comit\u00e9 T\u00e9cnico para la Innovaci\u00f3n en Infraestructura Escolar<\/li><li>Misi\u00f3n Tecnol\u00f3gica a escuelas europeas de vanguardia.<\/li><li>Conformaci\u00f3n Red Regional para la Innovaci\u00f3n en Educaci\u00f3n Escolar.<\/li><\/ul><h5>Beneficiarios directos<\/h5><p>El prototipo, pionero en el pa\u00eds, cumplir\u00e1 un rol demostrativo y de capacitaci\u00f3n para profesores de la regi\u00f3n, que permita explorar el efecto que un ambiente innovador cumple en el aprendizaje.<\/p><h5>Directivos y Sostenedores de la Educaci\u00f3n Escolar<\/h5><ul><li>DAEM Provincia de Arauco\/ Bio-Bio\/ Concepci\u00f3n<\/li><li>Establecimientos Municipales<\/li><li>Establecimientos Particular subvencionado<\/li><li>Establecimiento Particular Pagado<\/li><li>Establecimientos Corporaci\u00f3n de Administraci\u00f3n delegada<\/li><\/ul><h5>Oficinas de Arquitectura y Dise\u00f1o<\/h5><ul><li>Arquitectos colegiados Colegio de Arquitectos delegaci\u00f3n Concepci\u00f3n<\/li><li>Arquitectos colegiados Colegio de Arquitectos delegaci\u00f3n Los \u00c1ngeles<\/li><li>Oficinas de dise\u00f1o industrial socias de Nodo Dise\u00f1o Industrial<\/li><\/ul><h5>Empresas Constructoras asociadas a C\u00e1mara Chilena de la Construcci\u00f3n<\/h5><p>PYMES madereras Regi\u00f3n del Biob\u00edo<\/p><\/div>\n\t\t\t\t<\/div>\n\t\t\t\t<\/div>\n\t\t\t\t\t\t<\/div>\n\t\t\t<\/div>\n\t\t<\/div>\n\t\t\t\t\t\t<\/div>\n\t\t\t<\/div>\n\t\t<\/section>\n\t\t\t\t\t\t<\/div>\n\t\t\t<\/div>\n\t\t<\/div>\n\t\t","protected":false},"excerpt":{"rendered":"<p>T\u00edtulo FutureEduSpace: Generaci\u00f3n de Capacidades Tecnol\u00f3gicas para la Construcci\u00f3n de Espacios Educativos Escolares Vanguardista y Sustentables desde la Regi\u00f3n del Biob\u00edo. Investigadores\/as Mar\u00eda Beatriz Piderit (Responsable) Maureen Trebilcock (Coordinadora) Alejandra Bancalari Cornejo Mario Ramos Maldonado Ariel Bobadilla Moreno Magaly Mella Abalos Pia Lindeman Varoli Alejandra Arratia Martinez Esteban Montenegro Iturra Carolina Meyer Oppenheim Objetivo Este [&hellip;]<\/p>\n","protected":false},"author":2,"featured_media":2660,"parent":0,"menu_order":0,"comment_status":"closed","ping_status":"closed","template":"","meta":{"footnotes":""},"class_list":["post-3583","page","type-page","status-publish","has-post-thumbnail","hentry"],"jetpack_sharing_enabled":true,"_links":{"self":[{"href":"http:\/\/cope.ubiobio.cl\/index.php?rest_route=\/wp\/v2\/pages\/3583","targetHints":{"allow":["GET"]}}],"collection":[{"href":"http:\/\/cope.ubiobio.cl\/index.php?rest_route=\/wp\/v2\/pages"}],"about":[{"href":"http:\/\/cope.ubiobio.cl\/index.php?rest_route=\/wp\/v2\/types\/page"}],"author":[{"embeddable":true,"href":"http:\/\/cope.ubiobio.cl\/index.php?rest_route=\/wp\/v2\/users\/2"}],"replies":[{"embeddable":true,"href":"http:\/\/cope.ubiobio.cl\/index.php?rest_route=%2Fwp%2Fv2%2Fcomments&post=3583"}],"version-history":[{"count":28,"href":"http:\/\/cope.ubiobio.cl\/index.php?rest_route=\/wp\/v2\/pages\/3583\/revisions"}],"predecessor-version":[{"id":3690,"href":"http:\/\/cope.ubiobio.cl\/index.php?rest_route=\/wp\/v2\/pages\/3583\/revisions\/3690"}],"wp:featuredmedia":[{"embeddable":true,"href":"http:\/\/cope.ubiobio.cl\/index.php?rest_route=\/wp\/v2\/media\/2660"}],"wp:attachment":[{"href":"http:\/\/cope.ubiobio.cl\/index.php?rest_route=%2Fwp%2Fv2%2Fmedia&parent=3583"}],"curies":[{"name":"wp","href":"https:\/\/api.w.org\/{rel}","templated":true}]}}